{"id":7088,"date":"2021-03-25T12:17:16","date_gmt":"2021-03-25T12:17:16","guid":{"rendered":"https:\/\/www.aemora.pt\/?page_id=7088"},"modified":"2021-04-01T15:15:20","modified_gmt":"2021-04-01T15:15:20","slug":"exames-nacionais-2021","status":"publish","type":"page","link":"https:\/\/www.aemora.pt\/?page_id=7088","title":{"rendered":"Exames Nacionais 2021"},"content":{"rendered":"\t\t<div data-elementor-type=\"wp-page\" data-elementor-id=\"7088\" class=\"elementor elementor-7088\" data-elementor-post-type=\"page\">\n\t\t\t\t\t\t<section class=\"elementor-section elementor-top-section elementor-element elementor-element-87d7294 elementor-section-boxed elementor-section-height-default elementor-section-height-default\" data-id=\"87d7294\" data-element_type=\"section\" data-e-type=\"section\">\n\t\t\t\t\t\t<div class=\"elementor-container elementor-column-gap-default\">\n\t\t\t\t\t<div class=\"elementor-column elementor-col-100 elementor-top-column elementor-element elementor-element-7507e2c\" data-id=\"7507e2c\" data-element_type=\"column\" data-e-type=\"column\">\n\t\t\t<div class=\"elementor-widget-wrap elementor-element-populated\">\n\t\t\t\t\t\t<div class=\"elementor-element elementor-element-3e5b9b9 elementor-headline--style-highlight elementor-widget elementor-widget-animated-headline\" data-id=\"3e5b9b9\" data-element_type=\"widget\" data-e-type=\"widget\" data-settings=\"{&quot;highlighted_text&quot;:&quot;2021&quot;,&quot;headline_style&quot;:&quot;highlight&quot;,&quot;marker&quot;:&quot;circle&quot;,&quot;loop&quot;:&quot;yes&quot;,&quot;highlight_animation_duration&quot;:1200,&quot;highlight_iteration_delay&quot;:8000}\" data-widget_type=\"animated-headline.default\">\n\t\t\t\t<div class=\"elementor-widget-container\">\n\t\t\t\t\t\t\t<h3 class=\"elementor-headline\">\n\t\t\t\t\t<span class=\"elementor-headline-plain-text elementor-headline-text-wrapper\">Exames  Nacionais      <\/span>\n\t\t\t\t<span class=\"elementor-headline-dynamic-wrapper elementor-headline-text-wrapper\">\n\t\t\t\t\t<span class=\"elementor-headline-dynamic-text elementor-headline-text-active\">2021<\/span>\n\t\t\t\t<\/span>\n\t\t\t\t<\/h3>\n\t\t\t\t\t\t<\/div>\n\t\t\t\t<\/div>\n\t\t\t\t\t<\/div>\n\t\t<\/div>\n\t\t\t\t\t<\/div>\n\t\t<\/section>\n\t\t\t\t<section class=\"elementor-section elementor-top-section elementor-element elementor-element-099608b elementor-section-boxed elementor-section-height-default elementor-section-height-default\" data-id=\"099608b\" data-element_type=\"section\" data-e-type=\"section\">\n\t\t\t\t\t\t<div class=\"elementor-container elementor-column-gap-default\">\n\t\t\t\t\t<div class=\"elementor-column elementor-col-100 elementor-top-column elementor-element elementor-element-8fd180a\" data-id=\"8fd180a\" data-element_type=\"column\" data-e-type=\"column\">\n\t\t\t<div class=\"elementor-widget-wrap elementor-element-populated\">\n\t\t\t\t\t\t<div class=\"elementor-element elementor-element-7fc85df elementor-widget elementor-widget-text-editor\" data-id=\"7fc85df\" data-element_type=\"widget\" data-e-type=\"widget\" data-widget_type=\"text-editor.default\">\n\t\t\t\t<div class=\"elementor-widget-container\">\n\t\t\t\t\t\t\t\t\t<p style=\"text-align: left;\" align=\"justify\"><b>Prazos de inscri\u00e7\u00e3o<\/b><b>\u00a0<\/b><b>1.\u00ba Ciclo e 2.\u00ba Ciclos &#8211; Provas de Equival\u00eancia \u00e0 Frequ\u00eancia:<br \/><\/b><\/p><div align=\"justify\"><ul><li><b>1.\u00aa fase<\/b><b>\u00a0&#8211; 24 de mar\u00e7o a 15 de abril<\/b><\/li><li><b>2.\u00aa fase &#8211; 26 e 27 de julho<br \/><\/b><\/li><\/ul><\/div><p align=\"justify\"><b>Prazos de inscri\u00e7\u00e3o\u00a03.\u00ba Ciclo &#8211;\u00a0<\/b><b>Provas de Equival\u00eancia \u00e0 Frequ\u00eancia:<br \/><\/b><\/p><div align=\"justify\"><ul><li><b>1.\u00aa fase &#8211; 24 de mar\u00e7o a 15 de abril<\/b><\/li><li><b>2.\u00aa fase &#8211; 19 e 20 de julho<\/b><\/li><\/ul><\/div><p align=\"justify\"><b>Prazos de inscri\u00e7\u00e3o Secund\u00e1rio &#8211; Exames Finais Nacionais e\u00a0<\/b><b>Provas de Equival\u00eancia \u00e0 Frequ\u00eancia:<br \/><\/b><\/p><div align=\"justify\"><ul><li><b>1.\u00aa fase &#8211; 24 de mar\u00e7o a 15 de abril<\/b><\/li><li><b>2.\u00aa fase &#8211; 02 a 06 de agosto<br \/><\/b><\/li><\/ul><\/div><p align=\"justify\">Estando a decorrer o prazo para as inscri\u00e7\u00f5es das Provas de Equival\u00eancia \u00e0 Frequ\u00eancia e Exames Finais Nacionais dos Ensinos B\u00e1sico e Secund\u00e1rio, o\u00a0<b>Agrupamento de Escolas de Mora<\/b>, disponibiliza os seguintes documentos\/orienta\u00e7\u00f5es para o processo de inscri\u00e7\u00e3o:<\/p><p align=\"justify\">1. Despacho N.\u00ba 6906-B\/2020, de 03 de mar\u00e7o (Determina a aprova\u00e7\u00e3o dos calend\u00e1rios, para o ano letivo de 2020-2021, dos estabelecimentos p\u00fablicos de educa\u00e7\u00e3o pr\u00e9-escolar e dos ensinos b\u00e1sico e secund\u00e1rio e dos estabelecimentos particulares de ensino especial, bem como o calend\u00e1rio de provas e exames dos ensinos b\u00e1sico e secund\u00e1rio);<\/p><p style=\"text-align: center;\" align=\"justify\"><a href=\"https:\/\/drive.google.com\/file\/d\/191R3cRgeag-eKV5IvVSoh3OXsdvOwXpP\/view?usp=sharing\" target=\"_blank\" rel=\"noopener\">Despacho N.\u00ba 6906-B\/2020, de 03 de mar\u00e7o<\/a><\/p><p align=\"justify\">2. Despacho N.\u00ba 1689-A\/2021, de 12 de fevereiro (Altera o calend\u00e1rio de funcionamento das atividades educativas e letivas dos estabelecimentos de ensino e o calend\u00e1rio das provas e exames, aprovados pelo Despacho n.\u00ba 6906-B\/2020, de 2 de julho, publicado no Di\u00e1rio da Rep\u00fablica, 2.\u00aa s\u00e9rie, n.\u00ba 128, 2.\u00ba suplemento, de 3 de julho de 2020);<\/p><p style=\"text-align: center;\" align=\"justify\"><a href=\"https:\/\/drive.google.com\/file\/d\/1YN7xRosUsp_whVgIoFZt6i2PPuk5xrv8\/view?usp=sharing\" target=\"_blank\" rel=\"noopener\">Despacho N.\u00ba 1689-A\/2021, de 12 de fevereiro<\/a><\/p><p align=\"justify\">3. Declara\u00e7\u00e3o de Retifica\u00e7\u00e3o N.\u00ba 208\/2021, de 18 de mar\u00e7o (Retifica o Despacho n.\u00ba 1689-A\/2021, de 10 de fevereiro, publicado no Di\u00e1rio da Rep\u00fablica, 2.\u00aa s\u00e9rie, n.\u00ba 30, suplemento, de 12 de fevereiro de 2021);<\/p><p style=\"text-align: center;\"><a href=\"https:\/\/drive.google.com\/file\/d\/1rzC_sVx2l8cwk961l4JU0E5LcGprSidY\/view?usp=sharing\" target=\"_blank\" rel=\"noopener\">Declara\u00e7\u00e3o de Retifica\u00e7\u00e3o N.\u00ba 208\/2021, de 18 de mar\u00e7o<\/a><\/p><p align=\"justify\">4. Despacho Normativo N.\u00ba 10-A\/2021, de 22 de mar\u00e7o (Determina a aprova\u00e7\u00e3o do Regulamento das Provas de Avalia\u00e7\u00e3o Externa e das Provas de Equival\u00eancia \u00e0 Frequ\u00eancia dos Ensinos B\u00e1sico e Secund\u00e1rio para o ano letivo 2020\/2021);<\/p><p style=\"text-align: center;\"><a href=\"https:\/\/drive.google.com\/file\/d\/1-g4MBSdEJhwiNrBePrNVnepDTxkL0uOB\/view?usp=sharing\" target=\"_blank\" rel=\"noopener\">Despacho Normativo N.\u00ba 10-A\/2021, de 22 de mar\u00e7o<\/a><\/p><p>5. Decreto-Lei N.\u00ba 22-D\/2021, de 22 de mar\u00e7o (Estabelece medidas excecionais e tempor\u00e1rias relativas \u00e0 pandemia da doen\u00e7a<br \/>COVID -19 na \u00e1rea da educa\u00e7\u00e3o);<\/p><p style=\"text-align: center;\"><a href=\"https:\/\/drive.google.com\/file\/d\/1VsV3PpYFkZ4ZVRSsZ8nOsSurOD25yCMQ\/view?usp=sharing\" target=\"_blank\" rel=\"noopener\">Decreto-Lei N.\u00ba 22-D\/2021, de 22 de mar\u00e7o<\/a><\/p><p align=\"justify\">6. Manual de Instru\u00e7\u00f5es &#8211; PIEPE &#8211; Plataforma de Inscri\u00e7\u00e3o Eletr\u00f3nica em Provas e Exames &#8211; 2020\/2021;<\/p><p style=\"text-align: center;\"><a href=\"https:\/\/drive.google.com\/file\/d\/1z_2VlLJMqc7iPDmgI0QcftaXoT2AE5sQ\/view?usp=sharing\" target=\"_blank\" rel=\"noopener\">Manual de Instru\u00e7\u00f5es &#8211; PIEPE<\/a><\/p><p style=\"text-align: center;\"><span style=\"font-family: var( --e-global-typography-text-font-family ), Sans-serif; font-weight: var( --e-global-typography-text-font-weight );\">A aplica\u00e7\u00e3o encontra-se dispon\u00edvel atrav\u00e9s do endere\u00e7o:\u00a0\u00a0<\/span><a href=\"https:\/\/jnepiepe.dge.mec.pt\" target=\"_blank\" rel=\"noopener\">https:\/\/jnepiepe.dge.mec.pt<\/a>\u00a0<\/p><p align=\"justify\">7. Guia Geral de Exames &#8211; 2021.<\/p><p style=\"text-align: center;\"><a href=\"https:\/\/drive.google.com\/file\/d\/1LtuN0fMrJhTOEKJa-Hlm4Nr7SfjOrIS6\/view?usp=sharing\" target=\"_blank\" rel=\"noopener\">Guia Geral de Exames &#8211; 2021<\/a><\/p><p align=\"justify\">8. Os documentos a apresentar pelos alunos no ato de inscri\u00e7\u00e3o para os exames do ensino secund\u00e1rio s\u00e3o os seguintes:<\/p><div align=\"justify\">a) C\u00f3pia do cart\u00e3o de cidad\u00e3o ou documento de identifica\u00e7\u00e3o que o substitua;<br \/>b) C\u00f3pia do documento comprovativo das habilita\u00e7\u00f5es acad\u00e9micas adquiridas anteriormente;<br \/>c) Recibo do pedido de atribui\u00e7\u00e3o de senha para acesso ao sistema de candidatura online, dispon\u00edvel no s\u00edtio de Internet da Dire\u00e7\u00e3o-Geral do Ensino Superior em\u00a0<a title=\"Clique para abrir em uma nova janela ou aba http:\/\/www.dges.gov.pt\/\" href=\"http:\/\/www.dges.gov.pt\/\">www.dges.gov.pt<\/a>, caso pretenda concorrer ao ensino superior p\u00fablico em 2021.<\/div><div align=\"justify\">\u00a0<\/div><div align=\"justify\"><ul><li>Os alunos referidos no ponto anterior declaram, atrav\u00e9s da plataforma de inscri\u00e7\u00f5es, que a sua situa\u00e7\u00e3o de vacinas se encontra atualizada, podendo a escola solicitar comprovativo dessa informa\u00e7\u00e3o.<\/li><li>Os alunos que necessitam de autoriza\u00e7\u00e3o para aplica\u00e7\u00e3o de adapta\u00e7\u00f5es na realiza\u00e7\u00e3o das provas ou exames finais nacionais e que pretendam proceder \u00e0 sua inscri\u00e7\u00e3o em escola diferente da frequentada no presente ano escolar, devem fazer prova da sua situa\u00e7\u00e3o e requerer a aplica\u00e7\u00e3o de adapta\u00e7\u00f5es no ato da inscri\u00e7\u00e3o.<\/li><li>Os alunos dos cursos de educa\u00e7\u00e3o e forma\u00e7\u00e3o (CEF), dos cursos de educa\u00e7\u00e3o e forma\u00e7\u00e3o de adultos (EFA), dos cursos de aprendizagem, os alunos sujeitos a um processo de reconhecimento valida\u00e7\u00e3o e certifica\u00e7\u00e3o de compet\u00eancias (RVCC), dos cursos de ensino art\u00edstico especializado, dos cursos profissionais, dos cursos do ensino vocacional e os do ensino recorrente que realizam provas ou exames em escolas diferentes das frequentadas, no ato da inscri\u00e7\u00e3o, submetem o documento comprovativo de conclus\u00e3o do curso, emitido pela respetiva escola ou entidade formadora, ou declara\u00e7\u00e3o em como se encontram a frequentar os cursos, a qual deve tamb\u00e9m especificar a data prevista para a sua conclus\u00e3o.\u00a0<\/li><\/ul><\/div>\t\t\t\t\t\t\t\t<\/div>\n\t\t\t\t<\/div>\n\t\t\t\t\t<\/div>\n\t\t<\/div>\n\t\t\t\t\t<\/div>\n\t\t<\/section>\n\t\t\t\t<\/div>\n\t\t","protected":false},"excerpt":{"rendered":"<p>Exames Nacionais 2021 Prazos de inscri\u00e7\u00e3o\u00a01.\u00ba Ciclo e 2.\u00ba Ciclos &#8211; Provas de Equival\u00eancia \u00e0 Frequ\u00eancia: 1.\u00aa fase\u00a0&#8211; 24 de mar\u00e7o a 15 de abril&hellip;<\/p>\n","protected":false},"author":5,"featured_media":0,"parent":0,"menu_order":0,"comment_status":"closed","ping_status":"closed","template":"","meta":{"_EventAllDay":false,"_EventTimezone":"","_EventStartDate":"","_EventEndDate":"","_EventStartDateUTC":"","_EventEndDateUTC":"","_EventShowMap":false,"_EventShowMapLink":false,"_EventURL":"","_EventCost":"","_EventCostDescription":"","_EventCurrencySymbol":"","_EventCurrencyCode":"","_EventCurrencyPosition":"","_EventDateTimeSeparator":"","_EventTimeRangeSeparator":"","_EventOrganizerID":[],"_EventVenueID":[],"_OrganizerEmail":"","_OrganizerPhone":"","_OrganizerWebsite":"","_VenueAddress":"","_VenueCity":"","_VenueCountry":"","_VenueProvince":"","_VenueState":"","_VenueZip":"","_VenuePhone":"","_VenueURL":"","_VenueStateProvince":"","_VenueLat":"","_VenueLng":"","_VenueShowMap":false,"_VenueShowMapLink":false,"footnotes":""},"class_list":["post-7088","page","type-page","status-publish","hentry"],"featured_image_url":[],"post_author":"Paulo Torres","assigned_categories":"","_links":{"self":[{"href":"https:\/\/www.aemora.pt\/index.php?rest_route=\/wp\/v2\/pages\/7088","targetHints":{"allow":["GET"]}}],"collection":[{"href":"https:\/\/www.aemora.pt\/index.php?rest_route=\/wp\/v2\/pages"}],"about":[{"href":"https:\/\/www.aemora.pt\/index.php?rest_route=\/wp\/v2\/types\/page"}],"author":[{"embeddable":true,"href":"https:\/\/www.aemora.pt\/index.php?rest_route=\/wp\/v2\/users\/5"}],"replies":[{"embeddable":true,"href":"https:\/\/www.aemora.pt\/index.php?rest_route=%2Fwp%2Fv2%2Fcomments&post=7088"}],"version-history":[{"count":15,"href":"https:\/\/www.aemora.pt\/index.php?rest_route=\/wp\/v2\/pages\/7088\/revisions"}],"predecessor-version":[{"id":7180,"href":"https:\/\/www.aemora.pt\/index.php?rest_route=\/wp\/v2\/pages\/7088\/revisions\/7180"}],"wp:attachment":[{"href":"https:\/\/www.aemora.pt\/index.php?rest_route=%2Fwp%2Fv2%2Fmedia&parent=7088"}],"curies":[{"name":"wp","href":"https:\/\/api.w.org\/{rel}","templated":true}]}}